{"id":6,"date":"2025-02-21T11:31:42","date_gmt":"2025-02-21T11:31:42","guid":{"rendered":"http:\/\/localhost:10018\/?page_id=6"},"modified":"2025-11-24T19:19:05","modified_gmt":"2025-11-24T19:19:05","slug":"elementor-6","status":"publish","type":"page","link":"https:\/\/swiss-fleckenschutz.ch\/fr\/","title":{"rendered":"TOPCARE"},"content":{"rendered":"\t\t<div data-elementor-type=\"wp-post\" data-elementor-id=\"6\" class=\"elementor elementor-6\" data-elementor-post-type=\"page\">\n\t\t\t\t<div class=\"elementor-element elementor-element-6997ea8 e-con-full e-flex e-con e-parent\" data-id=\"6997ea8\" data-element_type=\"container\" data-e-type=\"container\" data-settings=\"{&quot;background_background&quot;:&quot;classic&quot;}\">\n\t\t\t\t<div class=\"elementor-element elementor-element-898d611 elementor-widget elementor-widget-heading\" data-id=\"898d611\" data-element_type=\"widget\" data-e-type=\"widget\" data-widget_type=\"heading.default\">\n\t\t\t\t\t<h2 class=\"elementor-heading-title elementor-size-default\">Swiss Textil- und Lederschutz GmbH<\/h2>\t\t\t\t<\/div>\n\t\t\t\t<div class=\"elementor-element elementor-element-06255f4 elementor-widget elementor-widget-heading\" data-id=\"06255f4\" data-element_type=\"widget\" data-e-type=\"widget\" data-widget_type=\"heading.default\">\n\t\t\t\t\t<h1 class=\"elementor-heading-title elementor-size-default\">Professioneller Fleckenschutz &amp; Reinigungsservice in der Schweiz<\/h1>\t\t\t\t<\/div>\n\t\t\t\t<div class=\"elementor-element elementor-element-a798d32 elementor-widget elementor-widget-heading\" data-id=\"a798d32\" data-element_type=\"widget\" data-e-type=\"widget\" data-widget_type=\"heading.default\">\n\t\t\t\t\t<h2 class=\"elementor-heading-title elementor-size-default\">der Original TOP CARE Fleckenschutz<\/h2>\t\t\t\t<\/div>\n\t\t<div class=\"elementor-element elementor-element-54daaaa e-flex e-con-boxed e-con e-child\" data-id=\"54daaaa\" data-element_type=\"container\" data-e-type=\"container\">\n\t\t\t\t\t<div class=\"e-con-inner\">\n\t\t<div class=\"elementor-element elementor-element-3625961 e-con-full e-flex e-con e-child\" data-id=\"3625961\" data-element_type=\"container\" data-e-type=\"container\">\n\t\t\t\t<div class=\"elementor-element elementor-element-3e3a749 elementor-align-justify elementor-widget elementor-widget-button\" data-id=\"3e3a749\" data-element_type=\"widget\" data-e-type=\"widget\" data-widget_type=\"button.default\">\n\t\t\t\t\t\t\t\t\t\t<a class=\"elementor-button elementor-button-link elementor-size-sm elementor-animation-float\" href=\"https:\/\/swiss-fleckenschutz.ch\/kontakt\/\">\n\t\t\t\t\t\t<span class=\"elementor-button-content-wrapper\">\n\t\t\t\t\t\t\t\t\t<span class=\"elementor-button-text\">Kostenloses Angebot<\/span>\n\t\t\t\t\t<\/span>\n\t\t\t\t\t<\/a>\n\t\t\t\t\t\t\t\t<\/div>\n\t\t\t\t<\/div>\n\t\t<div class=\"elementor-element elementor-element-1bf6963 e-con-full e-flex e-con e-child\" data-id=\"1bf6963\" data-element_type=\"container\" data-e-type=\"container\">\n\t\t\t\t<div class=\"elementor-element elementor-element-ed215d7 elementor-align-justify elementor-widget elementor-widget-button\" data-id=\"ed215d7\" data-element_type=\"widget\" data-e-type=\"widget\" data-widget_type=\"button.default\">\n\t\t\t\t\t\t\t\t\t\t<a class=\"elementor-button elementor-button-link elementor-size-sm elementor-animation-float\" href=\"https:\/\/swiss-fleckenschutz.ch\/fr\/gallerie\/\">\n\t\t\t\t\t\t<span class=\"elementor-button-content-wrapper\">\n\t\t\t\t\t\t\t\t\t<span class=\"elementor-button-text\">Gallerie<\/span>\n\t\t\t\t\t<\/span>\n\t\t\t\t\t<\/a>\n\t\t\t\t\t\t\t\t<\/div>\n\t\t\t\t<\/div>\n\t\t\t\t\t<\/div>\n\t\t\t\t<\/div>\n\t\t\t\t<div class=\"elementor-element elementor-element-4a46202 elementor-widget elementor-widget-heading\" data-id=\"4a46202\" data-element_type=\"widget\" data-e-type=\"widget\" data-widget_type=\"heading.default\">\n\t\t\t\t\t<h4 class=\"elementor-heading-title elementor-size-default\">seit 30 Jahren auf dem Schweizer Markt<\/h4>\t\t\t\t<\/div>\n\t\t\t\t<\/div>\n\t\t<div class=\"elementor-element elementor-element-88e854d e-flex e-con-boxed e-con e-parent\" data-id=\"88e854d\" data-element_type=\"container\" data-e-type=\"container\">\n\t\t\t\t\t<div class=\"e-con-inner\">\n\t\t<div class=\"elementor-element elementor-element-624d404 e-con-full e-flex elementor-invisible e-con e-child\" data-id=\"624d404\" data-element_type=\"container\" data-e-type=\"container\" data-settings=\"{&quot;animation&quot;:&quot;fadeInUp&quot;}\">\n\t\t\t\t<div class=\"elementor-element elementor-element-0b8bc8f elementor-widget elementor-widget-image\" data-id=\"0b8bc8f\" data-element_type=\"widget\" data-e-type=\"widget\" data-widget_type=\"image.default\">\n\t\t\t\t\t\t\t\t\t\t\t\t\t\t\t<img fetchpriority=\"high\" decoding=\"async\" width=\"800\" height=\"352\" src=\"https:\/\/swiss-fleckenschutz.ch\/wp-content\/uploads\/2025\/09\/TropfenBunt6_755_754-1920w-1024x450.webp\" class=\"attachment-large size-large wp-image-785\" alt=\"\" srcset=\"https:\/\/swiss-fleckenschutz.ch\/wp-content\/uploads\/2025\/09\/TropfenBunt6_755_754-1920w-1024x450.webp 1024w, https:\/\/swiss-fleckenschutz.ch\/wp-content\/uploads\/2025\/09\/TropfenBunt6_755_754-1920w-300x132.webp 300w, https:\/\/swiss-fleckenschutz.ch\/wp-content\/uploads\/2025\/09\/TropfenBunt6_755_754-1920w-768x338.webp 768w, https:\/\/swiss-fleckenschutz.ch\/wp-content\/uploads\/2025\/09\/TropfenBunt6_755_754-1920w-1536x675.webp 1536w, https:\/\/swiss-fleckenschutz.ch\/wp-content\/uploads\/2025\/09\/TropfenBunt6_755_754-1920w-18x8.webp 18w, https:\/\/swiss-fleckenschutz.ch\/wp-content\/uploads\/2025\/09\/TropfenBunt6_755_754-1920w.webp 1920w\" sizes=\"(max-width: 800px) 100vw, 800px\" \/>\t\t\t\t\t\t\t\t\t\t\t\t\t\t\t<\/div>\n\t\t\t\t<div class=\"elementor-element elementor-element-10bf538 elementor-widget elementor-widget-heading\" data-id=\"10bf538\" data-element_type=\"widget\" data-e-type=\"widget\" data-widget_type=\"heading.default\">\n\t\t\t\t\t<h3 class=\"elementor-heading-title elementor-size-default\">4 Punkte System<\/h3>\t\t\t\t<\/div>\n\t\t\t\t<div class=\"elementor-element elementor-element-0f658fd elementor-widget elementor-widget-text-editor\" data-id=\"0f658fd\" data-element_type=\"widget\" data-e-type=\"widget\" data-widget_type=\"text-editor.default\">\n\t\t\t\t\t\t\t\t\t<div id=\"1649495011\" class=\"dmNewParagraph u_1649495011\" data-element-type=\"paragraph\" data-version=\"5\"><p>Wir bieten Ihnen einen TOP-Service rund um Fleckenbek\u00e4mpfung. Hier erfahren Sie mehr \u00fcber unser 4-Punkte-System &#8230;<\/p><\/div>\t\t\t\t\t\t\t\t<\/div>\n\t\t\t\t<div class=\"elementor-element elementor-element-037ba4e elementor-align-justify elementor-widget elementor-widget-button\" data-id=\"037ba4e\" data-element_type=\"widget\" data-e-type=\"widget\" data-widget_type=\"button.default\">\n\t\t\t\t\t\t\t\t\t\t<a class=\"elementor-button elementor-button-link elementor-size-sm elementor-animation-float\" href=\"https:\/\/swiss-fleckenschutz.ch\/fleckenschutz-leistungen\/\">\n\t\t\t\t\t\t<span class=\"elementor-button-content-wrapper\">\n\t\t\t\t\t\t\t\t\t<span class=\"elementor-button-text\">Mehr Erfahren<\/span>\n\t\t\t\t\t<\/span>\n\t\t\t\t\t<\/a>\n\t\t\t\t\t\t\t\t<\/div>\n\t\t\t\t<\/div>\n\t\t<div class=\"elementor-element elementor-element-0f4ed69 e-con-full e-flex elementor-invisible e-con e-child\" data-id=\"0f4ed69\" data-element_type=\"container\" data-e-type=\"container\" data-settings=\"{&quot;animation&quot;:&quot;fadeInUp&quot;}\">\n\t\t\t\t<div class=\"elementor-element elementor-element-c6c168d elementor-widget elementor-widget-image\" data-id=\"c6c168d\" data-element_type=\"widget\" data-e-type=\"widget\" data-widget_type=\"image.default\">\n\t\t\t\t\t\t\t\t\t\t\t\t\t\t\t<img decoding=\"async\" width=\"430\" height=\"242\" src=\"https:\/\/swiss-fleckenschutz.ch\/wp-content\/uploads\/2025\/09\/TropfenBunt13_321-431w.webp\" class=\"attachment-large size-large wp-image-786\" alt=\"\" srcset=\"https:\/\/swiss-fleckenschutz.ch\/wp-content\/uploads\/2025\/09\/TropfenBunt13_321-431w.webp 430w, https:\/\/swiss-fleckenschutz.ch\/wp-content\/uploads\/2025\/09\/TropfenBunt13_321-431w-300x169.webp 300w, https:\/\/swiss-fleckenschutz.ch\/wp-content\/uploads\/2025\/09\/TropfenBunt13_321-431w-18x10.webp 18w\" sizes=\"(max-width: 430px) 100vw, 430px\" \/>\t\t\t\t\t\t\t\t\t\t\t\t\t\t\t<\/div>\n\t\t\t\t<div class=\"elementor-element elementor-element-dcc1961 elementor-widget elementor-widget-heading\" data-id=\"dcc1961\" data-element_type=\"widget\" data-e-type=\"widget\" data-widget_type=\"heading.default\">\n\t\t\t\t\t<h3 class=\"elementor-heading-title elementor-size-default\">3 Jahres Garantie<\/h3>\t\t\t\t<\/div>\n\t\t\t\t<div class=\"elementor-element elementor-element-fa2f0c0 elementor-widget elementor-widget-text-editor\" data-id=\"fa2f0c0\" data-element_type=\"widget\" data-e-type=\"widget\" data-widget_type=\"text-editor.default\">\n\t\t\t\t\t\t\t\t\t<div id=\"1649495011\" class=\"dmNewParagraph u_1649495011\" data-element-type=\"paragraph\" data-version=\"5\"><p>Ab Auslieferung erhalten Sie eine 3-j\u00e4hrige Fleckenschutzgarantie. Profitieren auch Sie von unseren Angeboten &#8230;<\/p><\/div>\t\t\t\t\t\t\t\t<\/div>\n\t\t\t\t<div class=\"elementor-element elementor-element-3109790 elementor-align-justify elementor-widget elementor-widget-button\" data-id=\"3109790\" data-element_type=\"widget\" data-e-type=\"widget\" data-widget_type=\"button.default\">\n\t\t\t\t\t\t\t\t\t\t<a class=\"elementor-button elementor-button-link elementor-size-sm elementor-animation-float\" href=\"https:\/\/swiss-fleckenschutz.ch\/fleckenschutz-leistungen\/\">\n\t\t\t\t\t\t<span class=\"elementor-button-content-wrapper\">\n\t\t\t\t\t\t\t\t\t<span class=\"elementor-button-text\">Mehr Erfahren<\/span>\n\t\t\t\t\t<\/span>\n\t\t\t\t\t<\/a>\n\t\t\t\t\t\t\t\t<\/div>\n\t\t\t\t<\/div>\n\t\t<div class=\"elementor-element elementor-element-befa187 e-con-full e-flex elementor-invisible e-con e-child\" data-id=\"befa187\" data-element_type=\"container\" data-e-type=\"container\" data-settings=\"{&quot;animation&quot;:&quot;fadeInUp&quot;}\">\n\t\t\t\t<div class=\"elementor-element elementor-element-8701cfb elementor-widget elementor-widget-image\" data-id=\"8701cfb\" data-element_type=\"widget\" data-e-type=\"widget\" data-widget_type=\"image.default\">\n\t\t\t\t\t\t\t\t\t\t\t\t\t\t\t<img decoding=\"async\" width=\"430\" height=\"242\" src=\"https:\/\/swiss-fleckenschutz.ch\/wp-content\/uploads\/2025\/10\/leder1_tropfen.jpg\" class=\"attachment-large size-large wp-image-1022\" alt=\"Top care bunte perlen\" srcset=\"https:\/\/swiss-fleckenschutz.ch\/wp-content\/uploads\/2025\/10\/leder1_tropfen.jpg 430w, https:\/\/swiss-fleckenschutz.ch\/wp-content\/uploads\/2025\/10\/leder1_tropfen-300x169.jpg 300w, https:\/\/swiss-fleckenschutz.ch\/wp-content\/uploads\/2025\/10\/leder1_tropfen-18x10.jpg 18w\" sizes=\"(max-width: 430px) 100vw, 430px\" \/>\t\t\t\t\t\t\t\t\t\t\t\t\t\t\t<\/div>\n\t\t\t\t<div class=\"elementor-element elementor-element-233a943 elementor-widget elementor-widget-heading\" data-id=\"233a943\" data-element_type=\"widget\" data-e-type=\"widget\" data-widget_type=\"heading.default\">\n\t\t\t\t\t<h3 class=\"elementor-heading-title elementor-size-default\">TOP-Objekt\n<\/h3>\t\t\t\t<\/div>\n\t\t\t\t<div class=\"elementor-element elementor-element-2e68ed1 elementor-widget elementor-widget-text-editor\" data-id=\"2e68ed1\" data-element_type=\"widget\" data-e-type=\"widget\" data-widget_type=\"text-editor.default\">\n\t\t\t\t\t\t\t\t\t<div id=\"1649495011\" class=\"dmNewParagraph u_1649495011\" data-element-type=\"paragraph\" data-version=\"5\"><div id=\"1798474805\" class=\"dmNewParagraph u_1798474805\" data-element-type=\"paragraph\" data-version=\"5\"><p>TOP CARE Fleckenschutz ist \u00fcberall effektiv, besonders im Objektbereich. Erfahren Sie mehr \u00fcber die Einsatzbereiche &#8230;<\/p><\/div><\/div>\t\t\t\t\t\t\t\t<\/div>\n\t\t\t\t<div class=\"elementor-element elementor-element-be8c796 elementor-align-justify elementor-widget elementor-widget-button\" data-id=\"be8c796\" data-element_type=\"widget\" data-e-type=\"widget\" data-widget_type=\"button.default\">\n\t\t\t\t\t\t\t\t\t\t<a class=\"elementor-button elementor-button-link elementor-size-sm elementor-animation-float\" href=\"https:\/\/swiss-fleckenschutz.ch\/top-care-branchen\/\">\n\t\t\t\t\t\t<span class=\"elementor-button-content-wrapper\">\n\t\t\t\t\t\t\t\t\t<span class=\"elementor-button-text\">Mehr Erfahren<\/span>\n\t\t\t\t\t<\/span>\n\t\t\t\t\t<\/a>\n\t\t\t\t\t\t\t\t<\/div>\n\t\t\t\t<\/div>\n\t\t\t\t\t<\/div>\n\t\t\t\t<\/div>\n\t\t<div class=\"elementor-element elementor-element-c53d745 e-flex e-con-boxed e-con e-parent\" data-id=\"c53d745\" data-element_type=\"container\" data-e-type=\"container\" data-settings=\"{&quot;background_background&quot;:&quot;classic&quot;}\">\n\t\t\t\t\t<div class=\"e-con-inner\">\n\t\t<div class=\"elementor-element elementor-element-4b95736 e-con-full e-flex e-con e-child\" data-id=\"4b95736\" data-element_type=\"container\" data-e-type=\"container\" data-settings=\"{&quot;background_background&quot;:&quot;classic&quot;}\">\n\t\t\t\t<div class=\"elementor-element elementor-element-771bace elementor-widget elementor-widget-heading\" data-id=\"771bace\" data-element_type=\"widget\" data-e-type=\"widget\" data-widget_type=\"heading.default\">\n\t\t\t\t\t<h3 class=\"elementor-heading-title elementor-size-default\">VOLLKASKO auf Ihren Bezug \u2013 Swiss Quality<\/h3>\t\t\t\t<\/div>\n\t\t\t\t<div class=\"elementor-element elementor-element-16ec3cb elementor-widget elementor-widget-text-editor\" data-id=\"16ec3cb\" data-element_type=\"widget\" data-e-type=\"widget\" data-widget_type=\"text-editor.default\">\n\t\t\t\t\t\t\t\t\t<div id=\"1109224759\" class=\"dmNewParagraph u_1109224759\" data-element-type=\"paragraph\" data-version=\"5\"><p class=\"m-size-19 text-align-center size-22\"><span class=\"m-font-size-19 font-size-22\">Wie ein unsichtbarer Schutz sch\u00fctzt TOP CARE Fleckenschutz perfekt gegen Flecken und Verschmutzungen. Nahezu alle Fl\u00fcssigkeiten perlen problemlos ab und selbst schwierige Substanzen wie Motoren\u00f6l und andere Fette lassen sich aus mit TOP CARE Fleckenschutz behandelten Polsterm\u00f6beln, Textilm\u00f6beln und Lederm\u00f6beln m\u00fchelos entfernen. Feste oder eingetrocknete Flecken k\u00f6nnen mit dem mitgelieferten Spezialreiniger wieder verfl\u00fcssigt und mit einem Tuch abgetupft werden. Die Atmungsaktivit\u00e4t, Geschmeidigkeit und Struktur des Stoffes bleiben unver\u00e4ndert. Bettwanzen und Hausmilben haben keine Chance in die Struktur des Materials <\/span><span class=\"m-font-size-19 font-size-22\">einzudringen.<\/span><\/p><p class=\"m-size-19 text-align-center size-22\">\u00a0<\/p><\/div>\t\t\t\t\t\t\t\t<\/div>\n\t\t\t\t<div class=\"elementor-element elementor-element-31baff7 elementor-widget elementor-widget-heading\" data-id=\"31baff7\" data-element_type=\"widget\" data-e-type=\"widget\" data-widget_type=\"heading.default\">\n\t\t\t\t\t<h2 class=\"elementor-heading-title elementor-size-default\">Unser TOP CARE Fleckenschutz ist zu 100% nanopartikelfrei.<\/h2>\t\t\t\t<\/div>\n\t\t\t\t<\/div>\n\t\t<div class=\"elementor-element elementor-element-3f6a899 e-con-full e-flex elementor-invisible e-con e-child\" data-id=\"3f6a899\" data-element_type=\"container\" data-e-type=\"container\" data-settings=\"{&quot;background_background&quot;:&quot;classic&quot;,&quot;animation&quot;:&quot;fadeInRight&quot;}\">\n\t\t\t\t<div class=\"elementor-element elementor-element-998e43f elementor-widget elementor-widget-heading\" data-id=\"998e43f\" data-element_type=\"widget\" data-e-type=\"widget\" data-widget_type=\"heading.default\">\n\t\t\t\t\t<h2 class=\"elementor-heading-title elementor-size-default\">Zertifikate<\/h2>\t\t\t\t<\/div>\n\t\t\t\t<div class=\"elementor-element elementor-element-05f9fc0 elementor-widget elementor-widget-image\" data-id=\"05f9fc0\" data-element_type=\"widget\" data-e-type=\"widget\" data-widget_type=\"image.default\">\n\t\t\t\t\t\t\t\t\t\t\t\t\t\t\t<img loading=\"lazy\" decoding=\"async\" width=\"800\" height=\"800\" src=\"https:\/\/swiss-fleckenschutz.ch\/wp-content\/uploads\/2025\/09\/ChatGPT-Image-Mar-28-2025-08_22_11-PM.png\" class=\"attachment-large size-large wp-image-778\" alt=\"\" srcset=\"https:\/\/swiss-fleckenschutz.ch\/wp-content\/uploads\/2025\/09\/ChatGPT-Image-Mar-28-2025-08_22_11-PM.png 1024w, https:\/\/swiss-fleckenschutz.ch\/wp-content\/uploads\/2025\/09\/ChatGPT-Image-Mar-28-2025-08_22_11-PM-300x300.png 300w, https:\/\/swiss-fleckenschutz.ch\/wp-content\/uploads\/2025\/09\/ChatGPT-Image-Mar-28-2025-08_22_11-PM-150x150.png 150w, https:\/\/swiss-fleckenschutz.ch\/wp-content\/uploads\/2025\/09\/ChatGPT-Image-Mar-28-2025-08_22_11-PM-768x768.png 768w, https:\/\/swiss-fleckenschutz.ch\/wp-content\/uploads\/2025\/09\/ChatGPT-Image-Mar-28-2025-08_22_11-PM-12x12.png 12w\" sizes=\"(max-width: 800px) 100vw, 800px\" \/>\t\t\t\t\t\t\t\t\t\t\t\t\t\t\t<\/div>\n\t\t<div class=\"elementor-element elementor-element-85a55e8 e-con-full e-flex e-con e-child\" data-id=\"85a55e8\" data-element_type=\"container\" data-e-type=\"container\">\n\t\t\t\t<div class=\"elementor-element elementor-element-095e009 elementor-widget elementor-widget-button\" data-id=\"095e009\" data-element_type=\"widget\" data-e-type=\"widget\" data-widget_type=\"button.default\">\n\t\t\t\t\t\t\t\t\t\t<a class=\"elementor-button elementor-button-link elementor-size-sm elementor-animation-grow\" href=\"https:\/\/swiss-fleckenschutz.ch\/wp-content\/uploads\/2025\/09\/TopCareZertifikatSpeichelundSchweitestLeder-1.pdf\">\n\t\t\t\t\t\t<span class=\"elementor-button-content-wrapper\">\n\t\t\t\t\t\t\t\t\t<span class=\"elementor-button-text\">Zertifikat<\/span>\n\t\t\t\t\t<\/span>\n\t\t\t\t\t<\/a>\n\t\t\t\t\t\t\t\t<\/div>\n\t\t\t\t<\/div>\n\t\t\t\t<\/div>\n\t\t\t\t\t<\/div>\n\t\t\t\t<\/div>\n\t\t<div class=\"elementor-element elementor-element-1b6d360 e-con-full e-flex e-con e-parent\" data-id=\"1b6d360\" data-element_type=\"container\" data-e-type=\"container\" data-settings=\"{&quot;background_background&quot;:&quot;classic&quot;}\">\n\t\t\t\t<\/div>\n\t\t<div class=\"elementor-element elementor-element-049f4ef e-flex e-con-boxed e-con e-parent\" data-id=\"049f4ef\" data-element_type=\"container\" data-e-type=\"container\">\n\t\t\t\t\t<div class=\"e-con-inner\">\n\t\t\t\t<div class=\"elementor-element elementor-element-8825c47 elementor-widget elementor-widget-heading\" data-id=\"8825c47\" data-element_type=\"widget\" data-e-type=\"widget\" data-widget_type=\"heading.default\">\n\t\t\t\t\t<h2 class=\"elementor-heading-title elementor-size-default\">TOP CARE Kundenbewertungen<\/h2>\t\t\t\t<\/div>\n\t\t\t\t<div class=\"elementor-element elementor-element-f9f7487 elementor-widget elementor-widget-html\" data-id=\"f9f7487\" data-element_type=\"widget\" data-e-type=\"widget\" data-widget_type=\"html.default\">\n\t\t\t\t\t<script defer async src='https:\/\/cdn.trustindex.io\/loader.js?949dfbd49a8416046756e9eaf19'><\/script>\t\t\t\t<\/div>\n\t\t\t\t\t<\/div>\n\t\t\t\t<\/div>\n\t\t<div class=\"elementor-element elementor-element-2a9a1aa e-flex e-con-boxed e-con e-parent\" data-id=\"2a9a1aa\" data-element_type=\"container\" data-e-type=\"container\">\n\t\t\t\t\t<div class=\"e-con-inner\">\n\t\t<div class=\"elementor-element elementor-element-b79afec e-con-full e-flex e-con e-child\" data-id=\"b79afec\" data-element_type=\"container\" data-e-type=\"container\">\n\t\t\t\t<div class=\"elementor-element elementor-element-1cec0bc elementor-align-justify elementor-widget elementor-widget-button\" data-id=\"1cec0bc\" data-element_type=\"widget\" data-e-type=\"widget\" data-widget_type=\"button.default\">\n\t\t\t\t\t\t\t\t\t\t<a class=\"elementor-button elementor-button-link elementor-size-sm elementor-animation-float\" href=\"https:\/\/swiss-fleckenschutz.ch\/kontakt\/\">\n\t\t\t\t\t\t<span class=\"elementor-button-content-wrapper\">\n\t\t\t\t\t\t\t\t\t<span class=\"elementor-button-text\">Jetzt Termin vereinbaren<\/span>\n\t\t\t\t\t<\/span>\n\t\t\t\t\t<\/a>\n\t\t\t\t\t\t\t\t<\/div>\n\t\t\t\t<\/div>\n\t\t<div class=\"elementor-element elementor-element-d1dfe09 e-con-full e-flex e-con e-child\" data-id=\"d1dfe09\" data-element_type=\"container\" data-e-type=\"container\">\n\t\t\t\t<div class=\"elementor-element elementor-element-de550ce elementor-widget elementor-widget-heading\" data-id=\"de550ce\" data-element_type=\"widget\" data-e-type=\"widget\" data-widget_type=\"heading.default\">\n\t\t\t\t\t<h2 class=\"elementor-heading-title elementor-size-default\">So funktioniert\u2019s<\/h2>\t\t\t\t<\/div>\n\t\t\t\t<div class=\"elementor-element elementor-element-b6064ee elementor-icon-list--layout-traditional elementor-list-item-link-full_width elementor-widget elementor-widget-icon-list\" data-id=\"b6064ee\" data-element_type=\"widget\" data-e-type=\"widget\" data-widget_type=\"icon-list.default\">\n\t\t\t\t\t\t\t<ul class=\"elementor-icon-list-items\">\n\t\t\t\t\t\t\t<li class=\"elementor-icon-list-item\">\n\t\t\t\t\t\t\t\t\t\t<span class=\"elementor-icon-list-text\">Schritt 1: Kostenlose Beratung buchen \u2013 Wir analysieren Ihr Anliegen &amp; machen ein Angebot<\/span>\n\t\t\t\t\t\t\t\t\t<\/li>\n\t\t\t\t\t\t\t\t<li class=\"elementor-icon-list-item\">\n\t\t\t\t\t\t\t\t\t\t<span class=\"elementor-icon-list-text\">Schritt 2: Professionelle Reinigung &amp; Schutz \u2013 Unsere Experten behandeln &amp; sch\u00fctzen Ihre Textilien<\/span>\n\t\t\t\t\t\t\t\t\t<\/li>\n\t\t\t\t\t\t\t\t<li class=\"elementor-icon-list-item\">\n\t\t\t\t\t\t\t\t\t\t<span class=\"elementor-icon-list-text\">Schritt 3: Langanhaltende Sauberkeit \u2013 Genie\u00dfen Sie saubere &amp; gesch\u00fctzte Oberfl\u00e4chen<\/span>\n\t\t\t\t\t\t\t\t\t<\/li>\n\t\t\t\t\t\t<\/ul>\n\t\t\t\t\t\t<\/div>\n\t\t\t\t<\/div>\n\t\t\t\t\t<\/div>\n\t\t\t\t<\/div>\n\t\t<div class=\"elementor-element elementor-element-87a0366 e-con-full e-flex e-con e-parent\" data-id=\"87a0366\" data-element_type=\"container\" data-e-type=\"container\" data-settings=\"{&quot;background_background&quot;:&quot;classic&quot;}\">\n\t\t\t\t<\/div>\n\t\t<div class=\"elementor-element elementor-element-6ce07d1 e-flex e-con-boxed e-con e-parent\" data-id=\"6ce07d1\" data-element_type=\"container\" data-e-type=\"container\" data-settings=\"{&quot;background_background&quot;:&quot;classic&quot;}\">\n\t\t\t\t\t<div class=\"e-con-inner\">\n\t\t<div class=\"elementor-element elementor-element-1b482ff e-con-full e-flex e-con e-child\" data-id=\"1b482ff\" data-element_type=\"container\" data-e-type=\"container\">\n\t\t\t\t<div class=\"elementor-element elementor-element-6170762 elementor-align-justify elementor-widget elementor-widget-button\" data-id=\"6170762\" data-element_type=\"widget\" data-e-type=\"widget\" data-widget_type=\"button.default\">\n\t\t\t\t\t\t\t\t\t\t<a class=\"elementor-button elementor-button-link elementor-size-sm elementor-animation-float\" href=\"https:\/\/swiss-fleckenschutz.ch\/fleckenschutz-leistungen\/\">\n\t\t\t\t\t\t<span class=\"elementor-button-content-wrapper\">\n\t\t\t\t\t\t\t\t\t<span class=\"elementor-button-text\">Alle Leistungen ansehen<\/span>\n\t\t\t\t\t<\/span>\n\t\t\t\t\t<\/a>\n\t\t\t\t\t\t\t\t<\/div>\n\t\t\t\t<div class=\"elementor-element elementor-element-c034511 elementor-widget elementor-widget-image\" data-id=\"c034511\" data-element_type=\"widget\" data-e-type=\"widget\" data-widget_type=\"image.default\">\n\t\t\t\t\t\t\t\t\t\t\t\t\t\t\t<img loading=\"lazy\" decoding=\"async\" width=\"800\" height=\"534\" src=\"https:\/\/swiss-fleckenschutz.ch\/wp-content\/uploads\/2025\/09\/ChatGPT-Image-Mar-27-2025-08_26_33-PM-1024x683.webp\" class=\"attachment-large size-large wp-image-796\" alt=\"\" srcset=\"https:\/\/swiss-fleckenschutz.ch\/wp-content\/uploads\/2025\/09\/ChatGPT-Image-Mar-27-2025-08_26_33-PM-1024x683.webp 1024w, https:\/\/swiss-fleckenschutz.ch\/wp-content\/uploads\/2025\/09\/ChatGPT-Image-Mar-27-2025-08_26_33-PM-300x200.webp 300w, https:\/\/swiss-fleckenschutz.ch\/wp-content\/uploads\/2025\/09\/ChatGPT-Image-Mar-27-2025-08_26_33-PM-768x512.webp 768w, https:\/\/swiss-fleckenschutz.ch\/wp-content\/uploads\/2025\/09\/ChatGPT-Image-Mar-27-2025-08_26_33-PM-18x12.webp 18w, https:\/\/swiss-fleckenschutz.ch\/wp-content\/uploads\/2025\/09\/ChatGPT-Image-Mar-27-2025-08_26_33-PM.webp 1536w\" sizes=\"(max-width: 800px) 100vw, 800px\" \/>\t\t\t\t\t\t\t\t\t\t\t\t\t\t\t<\/div>\n\t\t\t\t<\/div>\n\t\t<div class=\"elementor-element elementor-element-daef754 e-con-full e-flex e-con e-child\" data-id=\"daef754\" data-element_type=\"container\" data-e-type=\"container\" data-settings=\"{&quot;background_background&quot;:&quot;classic&quot;}\">\n\t\t\t\t<div class=\"elementor-element elementor-element-43949bf elementor-widget elementor-widget-heading\" data-id=\"43949bf\" data-element_type=\"widget\" data-e-type=\"widget\" data-widget_type=\"heading.default\">\n\t\t\t\t\t<h2 class=\"elementor-heading-title elementor-size-default\">Leistungen<\/h2>\t\t\t\t<\/div>\n\t\t\t\t<div class=\"elementor-element elementor-element-f4b2636 elementor-widget elementor-widget-n-accordion\" data-id=\"f4b2636\" data-element_type=\"widget\" data-e-type=\"widget\" data-settings=\"{&quot;default_state&quot;:&quot;expanded&quot;,&quot;max_items_expended&quot;:&quot;one&quot;,&quot;n_accordion_animation_duration&quot;:{&quot;unit&quot;:&quot;ms&quot;,&quot;size&quot;:400,&quot;sizes&quot;:[]}}\" data-widget_type=\"nested-accordion.default\">\n\t\t\t\t\t\t\t<div class=\"e-n-accordion\" aria-label=\"Accordion. Open links with Enter or Space, close with Escape, and navigate with Arrow Keys\">\n\t\t\t\t\t\t<details id=\"e-n-accordion-item-2560\" class=\"e-n-accordion-item\" open>\n\t\t\t\t<summary class=\"e-n-accordion-item-title\" data-accordion-index=\"1\" tabindex=\"0\" aria-expanded=\"true\" aria-controls=\"e-n-accordion-item-2560\" >\n\t\t\t\t\t<span class='e-n-accordion-item-title-header'><div class=\"e-n-accordion-item-title-text\"> Teppichreinigung <\/div><\/span>\n\t\t\t\t\t\t\t<span class='e-n-accordion-item-title-icon'>\n\t\t\t<span class='e-opened' ><svg aria-hidden=\"true\" class=\"e-font-icon-svg e-fas-minus\" viewBox=\"0 0 448 512\" xmlns=\"http:\/\/www.w3.org\/2000\/svg\"><path d=\"M416 208H32c-17.67 0-32 14.33-32 32v32c0 17.67 14.33 32 32 32h384c17.67 0 32-14.33 32-32v-32c0-17.67-14.33-32-32-32z\"><\/path><\/svg><\/span>\n\t\t\t<span class='e-closed'><svg aria-hidden=\"true\" class=\"e-font-icon-svg e-fas-plus\" viewBox=\"0 0 448 512\" xmlns=\"http:\/\/www.w3.org\/2000\/svg\"><path d=\"M416 208H272V64c0-17.67-14.33-32-32-32h-32c-17.67 0-32 14.33-32 32v144H32c-17.67 0-32 14.33-32 32v32c0 17.67 14.33 32 32 32h144v144c0 17.67 14.33 32 32 32h32c17.67 0 32-14.33 32-32V304h144c17.67 0 32-14.33 32-32v-32c0-17.67-14.33-32-32-32z\"><\/path><\/svg><\/span>\n\t\t<\/span>\n\n\t\t\t\t\t\t<\/summary>\n\t\t\t\t<div role=\"region\" aria-labelledby=\"e-n-accordion-item-2560\" class=\"elementor-element elementor-element-30e689a e-con-full e-flex e-con e-child\" data-id=\"30e689a\" data-element_type=\"container\" data-e-type=\"container\" data-settings=\"{&quot;background_background&quot;:&quot;classic&quot;}\">\n\t\t<div role=\"region\" aria-labelledby=\"e-n-accordion-item-2560\" class=\"elementor-element elementor-element-7f2d103 e-flex e-con-boxed e-con e-child\" data-id=\"7f2d103\" data-element_type=\"container\" data-e-type=\"container\">\n\t\t\t\t\t<div class=\"e-con-inner\">\n\t\t\t\t<div class=\"elementor-element elementor-element-1c917fb elementor-widget elementor-widget-heading\" data-id=\"1c917fb\" data-element_type=\"widget\" data-e-type=\"widget\" data-widget_type=\"heading.default\">\n\t\t\t\t\t<h5 class=\"elementor-heading-title elementor-size-default\">Gr\u00fcndlich. Fasertief. Werterhaltend.<\/h5>\t\t\t\t<\/div>\n\t\t\t\t<div class=\"elementor-element elementor-element-3458271 elementor-widget elementor-widget-text-editor\" data-id=\"3458271\" data-element_type=\"widget\" data-e-type=\"widget\" data-widget_type=\"text-editor.default\">\n\t\t\t\t\t\t\t\t\t<p>Wir reinigen Ihre Teppiche professionell und materialgerecht \u2013 ob Naturfaser, Synthetik oder Mischgewebe. Unsere schonenden Verfahren entfernen tiefsitzenden Schmutz, Ger\u00fcche und Flecken, ohne Farben oder Struktur anzugreifen. Ideal f\u00fcr Privathaushalte, B\u00fcros, Hotels und \u00f6ffentliche Einrichtungen.<\/p>\t\t\t\t\t\t\t\t<\/div>\n\t\t\t\t\t<\/div>\n\t\t\t\t<\/div>\n\t\t\t\t<\/div>\n\t\t\t\t\t<\/details>\n\t\t\t\t\t\t<details id=\"e-n-accordion-item-2561\" class=\"e-n-accordion-item\" >\n\t\t\t\t<summary class=\"e-n-accordion-item-title\" data-accordion-index=\"2\" tabindex=\"-1\" aria-expanded=\"false\" aria-controls=\"e-n-accordion-item-2561\" >\n\t\t\t\t\t<span class='e-n-accordion-item-title-header'><div class=\"e-n-accordion-item-title-text\"> Polsterschutz <\/div><\/span>\n\t\t\t\t\t\t\t<span class='e-n-accordion-item-title-icon'>\n\t\t\t<span class='e-opened' ><svg aria-hidden=\"true\" class=\"e-font-icon-svg e-fas-minus\" viewBox=\"0 0 448 512\" xmlns=\"http:\/\/www.w3.org\/2000\/svg\"><path d=\"M416 208H32c-17.67 0-32 14.33-32 32v32c0 17.67 14.33 32 32 32h384c17.67 0 32-14.33 32-32v-32c0-17.67-14.33-32-32-32z\"><\/path><\/svg><\/span>\n\t\t\t<span class='e-closed'><svg aria-hidden=\"true\" class=\"e-font-icon-svg e-fas-plus\" viewBox=\"0 0 448 512\" xmlns=\"http:\/\/www.w3.org\/2000\/svg\"><path d=\"M416 208H272V64c0-17.67-14.33-32-32-32h-32c-17.67 0-32 14.33-32 32v144H32c-17.67 0-32 14.33-32 32v32c0 17.67 14.33 32 32 32h144v144c0 17.67 14.33 32 32 32h32c17.67 0 32-14.33 32-32V304h144c17.67 0 32-14.33 32-32v-32c0-17.67-14.33-32-32-32z\"><\/path><\/svg><\/span>\n\t\t<\/span>\n\n\t\t\t\t\t\t<\/summary>\n\t\t\t\t<div role=\"region\" aria-labelledby=\"e-n-accordion-item-2561\" class=\"elementor-element elementor-element-1d3ea1b e-con-full e-flex e-con e-child\" data-id=\"1d3ea1b\" data-element_type=\"container\" data-e-type=\"container\" data-settings=\"{&quot;background_background&quot;:&quot;classic&quot;}\">\n\t\t<div role=\"region\" aria-labelledby=\"e-n-accordion-item-2561\" class=\"elementor-element elementor-element-8a6c7a1 e-flex e-con-boxed e-con e-child\" data-id=\"8a6c7a1\" data-element_type=\"container\" data-e-type=\"container\">\n\t\t\t\t\t<div class=\"e-con-inner\">\n\t\t\t\t<div class=\"elementor-element elementor-element-081b555 elementor-widget elementor-widget-heading\" data-id=\"081b555\" data-element_type=\"widget\" data-e-type=\"widget\" data-widget_type=\"heading.default\">\n\t\t\t\t\t<h5 class=\"elementor-heading-title elementor-size-default\">Unsichtbarer Schutz f\u00fcr Ihre Sitzm\u00f6bel.\n<\/h5>\t\t\t\t<\/div>\n\t\t\t\t<div class=\"elementor-element elementor-element-7461d7e elementor-widget elementor-widget-text-editor\" data-id=\"7461d7e\" data-element_type=\"widget\" data-e-type=\"widget\" data-widget_type=\"text-editor.default\">\n\t\t\t\t\t\t\t\t\t<p data-start=\"603\" data-end=\"864\">Unsere Polsterschutzbehandlung bewahrt Sofas, Sessel und Sitzb\u00e4nke vor Fl\u00fcssigkeiten, Flecken und Abnutzung \u2013 ganz ohne optische oder haptische Ver\u00e4nderung. Perfekt geeignet f\u00fcr vielgenutzte Wohn- und Wartebereiche.<\/p>\t\t\t\t\t\t\t\t<\/div>\n\t\t\t\t\t<\/div>\n\t\t\t\t<\/div>\n\t\t\t\t<\/div>\n\t\t\t\t\t<\/details>\n\t\t\t\t\t\t<details id=\"e-n-accordion-item-2562\" class=\"e-n-accordion-item\" >\n\t\t\t\t<summary class=\"e-n-accordion-item-title\" data-accordion-index=\"3\" tabindex=\"-1\" aria-expanded=\"false\" aria-controls=\"e-n-accordion-item-2562\" >\n\t\t\t\t\t<span class='e-n-accordion-item-title-header'><div class=\"e-n-accordion-item-title-text\"> Lederschutz <\/div><\/span>\n\t\t\t\t\t\t\t<span class='e-n-accordion-item-title-icon'>\n\t\t\t<span class='e-opened' ><svg aria-hidden=\"true\" class=\"e-font-icon-svg e-fas-minus\" viewBox=\"0 0 448 512\" xmlns=\"http:\/\/www.w3.org\/2000\/svg\"><path d=\"M416 208H32c-17.67 0-32 14.33-32 32v32c0 17.67 14.33 32 32 32h384c17.67 0 32-14.33 32-32v-32c0-17.67-14.33-32-32-32z\"><\/path><\/svg><\/span>\n\t\t\t<span class='e-closed'><svg aria-hidden=\"true\" class=\"e-font-icon-svg e-fas-plus\" viewBox=\"0 0 448 512\" xmlns=\"http:\/\/www.w3.org\/2000\/svg\"><path d=\"M416 208H272V64c0-17.67-14.33-32-32-32h-32c-17.67 0-32 14.33-32 32v144H32c-17.67 0-32 14.33-32 32v32c0 17.67 14.33 32 32 32h144v144c0 17.67 14.33 32 32 32h32c17.67 0 32-14.33 32-32V304h144c17.67 0 32-14.33 32-32v-32c0-17.67-14.33-32-32-32z\"><\/path><\/svg><\/span>\n\t\t<\/span>\n\n\t\t\t\t\t\t<\/summary>\n\t\t\t\t<div role=\"region\" aria-labelledby=\"e-n-accordion-item-2562\" class=\"elementor-element elementor-element-51b4a41 e-con-full e-flex e-con e-child\" data-id=\"51b4a41\" data-element_type=\"container\" data-e-type=\"container\" data-settings=\"{&quot;background_background&quot;:&quot;classic&quot;}\">\n\t\t<div role=\"region\" aria-labelledby=\"e-n-accordion-item-2562\" class=\"elementor-element elementor-element-2bff2c9 e-flex e-con-boxed e-con e-child\" data-id=\"2bff2c9\" data-element_type=\"container\" data-e-type=\"container\">\n\t\t\t\t\t<div class=\"e-con-inner\">\n\t\t\t\t<div class=\"elementor-element elementor-element-9a583f4 elementor-widget elementor-widget-heading\" data-id=\"9a583f4\" data-element_type=\"widget\" data-e-type=\"widget\" data-widget_type=\"heading.default\">\n\t\t\t\t\t<h5 class=\"elementor-heading-title elementor-size-default\">Pflege &amp; Schutz f\u00fcr empfindliche Lederoberfl\u00e4chen.\n<\/h5>\t\t\t\t<\/div>\n\t\t\t\t<div class=\"elementor-element elementor-element-4eca81f elementor-widget elementor-widget-text-editor\" data-id=\"4eca81f\" data-element_type=\"widget\" data-e-type=\"widget\" data-widget_type=\"text-editor.default\">\n\t\t\t\t\t\t\t\t\t<p data-start=\"895\" data-end=\"1188\">Leder verdient besondere Aufmerksamkeit. Unsere Lederschutzprodukte versiegeln porenschonend und sch\u00fctzen vor Fl\u00fcssigkeiten, Kratzern und fr\u00fchzeitiger Alterung \u2013 ohne das nat\u00fcrliche Aussehen oder die Atmungsaktivit\u00e4t zu beeintr\u00e4chtigen.<\/p>\t\t\t\t\t\t\t\t<\/div>\n\t\t\t\t\t<\/div>\n\t\t\t\t<\/div>\n\t\t\t\t<\/div>\n\t\t\t\t\t<\/details>\n\t\t\t\t\t\t<details id=\"e-n-accordion-item-2563\" class=\"e-n-accordion-item\" >\n\t\t\t\t<summary class=\"e-n-accordion-item-title\" data-accordion-index=\"4\" tabindex=\"-1\" aria-expanded=\"false\" aria-controls=\"e-n-accordion-item-2563\" >\n\t\t\t\t\t<span class='e-n-accordion-item-title-header'><div class=\"e-n-accordion-item-title-text\"> Industrielle Textilpflege <\/div><\/span>\n\t\t\t\t\t\t\t<span class='e-n-accordion-item-title-icon'>\n\t\t\t<span class='e-opened' ><svg aria-hidden=\"true\" class=\"e-font-icon-svg e-fas-minus\" viewBox=\"0 0 448 512\" xmlns=\"http:\/\/www.w3.org\/2000\/svg\"><path d=\"M416 208H32c-17.67 0-32 14.33-32 32v32c0 17.67 14.33 32 32 32h384c17.67 0 32-14.33 32-32v-32c0-17.67-14.33-32-32-32z\"><\/path><\/svg><\/span>\n\t\t\t<span class='e-closed'><svg aria-hidden=\"true\" class=\"e-font-icon-svg e-fas-plus\" viewBox=\"0 0 448 512\" xmlns=\"http:\/\/www.w3.org\/2000\/svg\"><path d=\"M416 208H272V64c0-17.67-14.33-32-32-32h-32c-17.67 0-32 14.33-32 32v144H32c-17.67 0-32 14.33-32 32v32c0 17.67 14.33 32 32 32h144v144c0 17.67 14.33 32 32 32h32c17.67 0 32-14.33 32-32V304h144c17.67 0 32-14.33 32-32v-32c0-17.67-14.33-32-32-32z\"><\/path><\/svg><\/span>\n\t\t<\/span>\n\n\t\t\t\t\t\t<\/summary>\n\t\t\t\t<div role=\"region\" aria-labelledby=\"e-n-accordion-item-2563\" class=\"elementor-element elementor-element-0536aa5 e-con-full e-flex e-con e-child\" data-id=\"0536aa5\" data-element_type=\"container\" data-e-type=\"container\" data-settings=\"{&quot;background_background&quot;:&quot;classic&quot;}\">\n\t\t<div role=\"region\" aria-labelledby=\"e-n-accordion-item-2563\" class=\"elementor-element elementor-element-5f438aa e-flex e-con-boxed e-con e-child\" data-id=\"5f438aa\" data-element_type=\"container\" data-e-type=\"container\" data-settings=\"{&quot;background_background&quot;:&quot;classic&quot;}\">\n\t\t\t\t\t<div class=\"e-con-inner\">\n\t\t\t\t<div class=\"elementor-element elementor-element-b118f15 elementor-widget elementor-widget-heading\" data-id=\"b118f15\" data-element_type=\"widget\" data-e-type=\"widget\" data-widget_type=\"heading.default\">\n\t\t\t\t\t<h5 class=\"elementor-heading-title elementor-size-default\">Effiziente Gro\u00dffl\u00e4chenpflege f\u00fcr gewerbliche Kunden.\n<\/h5>\t\t\t\t<\/div>\n\t\t\t\t<div class=\"elementor-element elementor-element-7ae5d52 elementor-widget elementor-widget-text-editor\" data-id=\"7ae5d52\" data-element_type=\"widget\" data-e-type=\"widget\" data-widget_type=\"text-editor.default\">\n\t\t\t\t\t\t\t\t\t<p data-start=\"1233\" data-end=\"1518\">F\u00fcr Unternehmen mit gro\u00dfen textilen Fl\u00e4chen bieten wir systematische Reinigungs- und Schutzl\u00f6sungen. Ob Hotels, Pflegeeinrichtungen oder B\u00fcros \u2013 unsere Dienstleistungen lassen sich exakt an Ihre betrieblichen Abl\u00e4ufe anpassen.<\/p>\t\t\t\t\t\t\t\t<\/div>\n\t\t\t\t\t<\/div>\n\t\t\t\t<\/div>\n\t\t\t\t<\/div>\n\t\t\t\t\t<\/details>\n\t\t\t\t\t\t<details id=\"e-n-accordion-item-2564\" class=\"e-n-accordion-item\" >\n\t\t\t\t<summary class=\"e-n-accordion-item-title\" data-accordion-index=\"5\" tabindex=\"-1\" aria-expanded=\"false\" aria-controls=\"e-n-accordion-item-2564\" >\n\t\t\t\t\t<span class='e-n-accordion-item-title-header'><div class=\"e-n-accordion-item-title-text\"> Fleckenentfernung <\/div><\/span>\n\t\t\t\t\t\t\t<span class='e-n-accordion-item-title-icon'>\n\t\t\t<span class='e-opened' ><svg aria-hidden=\"true\" class=\"e-font-icon-svg e-fas-minus\" viewBox=\"0 0 448 512\" xmlns=\"http:\/\/www.w3.org\/2000\/svg\"><path d=\"M416 208H32c-17.67 0-32 14.33-32 32v32c0 17.67 14.33 32 32 32h384c17.67 0 32-14.33 32-32v-32c0-17.67-14.33-32-32-32z\"><\/path><\/svg><\/span>\n\t\t\t<span class='e-closed'><svg aria-hidden=\"true\" class=\"e-font-icon-svg e-fas-plus\" viewBox=\"0 0 448 512\" xmlns=\"http:\/\/www.w3.org\/2000\/svg\"><path d=\"M416 208H272V64c0-17.67-14.33-32-32-32h-32c-17.67 0-32 14.33-32 32v144H32c-17.67 0-32 14.33-32 32v32c0 17.67 14.33 32 32 32h144v144c0 17.67 14.33 32 32 32h32c17.67 0 32-14.33 32-32V304h144c17.67 0 32-14.33 32-32v-32c0-17.67-14.33-32-32-32z\"><\/path><\/svg><\/span>\n\t\t<\/span>\n\n\t\t\t\t\t\t<\/summary>\n\t\t\t\t<div role=\"region\" aria-labelledby=\"e-n-accordion-item-2564\" class=\"elementor-element elementor-element-1c164af e-con-full e-flex e-con e-child\" data-id=\"1c164af\" data-element_type=\"container\" data-e-type=\"container\" data-settings=\"{&quot;background_background&quot;:&quot;classic&quot;}\">\n\t\t<div role=\"region\" aria-labelledby=\"e-n-accordion-item-2564\" class=\"elementor-element elementor-element-e6d70e5 e-flex e-con-boxed e-con e-child\" data-id=\"e6d70e5\" data-element_type=\"container\" data-e-type=\"container\">\n\t\t\t\t\t<div class=\"e-con-inner\">\n\t\t\t\t<div class=\"elementor-element elementor-element-87436fa elementor-widget elementor-widget-heading\" data-id=\"87436fa\" data-element_type=\"widget\" data-e-type=\"widget\" data-widget_type=\"heading.default\">\n\t\t\t\t\t<h5 class=\"elementor-heading-title elementor-size-default\">Gezielte Behandlung statt teurer Neuanschaffung.\n<\/h5>\t\t\t\t<\/div>\n\t\t\t\t<div class=\"elementor-element elementor-element-44044c4 elementor-widget elementor-widget-text-editor\" data-id=\"44044c4\" data-element_type=\"widget\" data-e-type=\"widget\" data-widget_type=\"text-editor.default\">\n\t\t\t\t\t\t\t\t\t<p data-start=\"1555\" data-end=\"1842\">Ob Rotwein, Kaffee, Tinte oder Fett \u2013 wir entfernen hartn\u00e4ckige Flecken auf Teppichen, Polstern und M\u00f6belstoffen fachgerecht und materialschonend. Unsere Spezialmittel wirken tief in der Faser \u2013 ohne R\u00fcckst\u00e4nde oder Farbver\u00e4nderung.<\/p>\t\t\t\t\t\t\t\t<\/div>\n\t\t\t\t\t<\/div>\n\t\t\t\t<\/div>\n\t\t\t\t<\/div>\n\t\t\t\t\t<\/details>\n\t\t\t\t\t<\/div>\n\t\t\t\t\t<script type=\"application\/ld+json\">{\"@context\":\"https:\\\/\\\/schema.org\",\"@type\":\"FAQPage\",\"mainEntity\":[{\"@type\":\"Question\",\"name\":\"Teppichreinigung\",\"acceptedAnswer\":{\"@type\":\"Answer\",\"text\":\"Gr\\u00fcndlich. Fasertief. Werterhaltend.\\t\\t\\t\\t\\n\\t\\t\\t\\t\\n\\t\\t\\t\\t\\t\\t\\t\\t\\tWir reinigen Ihre Teppiche professionell und materialgerecht \\u2013 ob Naturfaser, Synthetik oder Mischgewebe. Unsere schonenden Verfahren entfernen tiefsitzenden Schmutz, Ger\\u00fcche und Flecken, ohne Farben oder Struktur anzugreifen. Ideal f\\u00fcr Privathaushalte, B\\u00fcros, Hotels und \\u00f6ffentliche Einrichtungen.\"}},{\"@type\":\"Question\",\"name\":\"Polsterschutz\",\"acceptedAnswer\":{\"@type\":\"Answer\",\"text\":\"Unsichtbarer Schutz f\\u00fcr Ihre Sitzm\\u00f6bel.\\n\\t\\t\\t\\t\\n\\t\\t\\t\\t\\n\\t\\t\\t\\t\\t\\t\\t\\t\\tUnsere Polsterschutzbehandlung bewahrt Sofas, Sessel und Sitzb\\u00e4nke vor Fl\\u00fcssigkeiten, Flecken und Abnutzung \\u2013 ganz ohne optische oder haptische Ver\\u00e4nderung. Perfekt geeignet f\\u00fcr vielgenutzte Wohn- und Wartebereiche.\"}},{\"@type\":\"Question\",\"name\":\"Lederschutz\",\"acceptedAnswer\":{\"@type\":\"Answer\",\"text\":\"Pflege &amp; Schutz f\\u00fcr empfindliche Lederoberfl\\u00e4chen.\\n\\t\\t\\t\\t\\n\\t\\t\\t\\t\\n\\t\\t\\t\\t\\t\\t\\t\\t\\tLeder verdient besondere Aufmerksamkeit. Unsere Lederschutzprodukte versiegeln porenschonend und sch\\u00fctzen vor Fl\\u00fcssigkeiten, Kratzern und fr\\u00fchzeitiger Alterung \\u2013 ohne das nat\\u00fcrliche Aussehen oder die Atmungsaktivit\\u00e4t zu beeintr\\u00e4chtigen.\"}},{\"@type\":\"Question\",\"name\":\"Industrielle Textilpflege\",\"acceptedAnswer\":{\"@type\":\"Answer\",\"text\":\"Effiziente Gro\\u00dffl\\u00e4chenpflege f\\u00fcr gewerbliche Kunden.\\n\\t\\t\\t\\t\\n\\t\\t\\t\\t\\n\\t\\t\\t\\t\\t\\t\\t\\t\\tF\\u00fcr Unternehmen mit gro\\u00dfen textilen Fl\\u00e4chen bieten wir systematische Reinigungs- und Schutzl\\u00f6sungen. Ob Hotels, Pflegeeinrichtungen oder B\\u00fcros \\u2013 unsere Dienstleistungen lassen sich exakt an Ihre betrieblichen Abl\\u00e4ufe anpassen.\"}},{\"@type\":\"Question\",\"name\":\"Fleckenentfernung\",\"acceptedAnswer\":{\"@type\":\"Answer\",\"text\":\"Gezielte Behandlung statt teurer Neuanschaffung.\\n\\t\\t\\t\\t\\n\\t\\t\\t\\t\\n\\t\\t\\t\\t\\t\\t\\t\\t\\tOb Rotwein, Kaffee, Tinte oder Fett \\u2013 wir entfernen hartn\\u00e4ckige Flecken auf Teppichen, Polstern und M\\u00f6belstoffen fachgerecht und materialschonend. Unsere Spezialmittel wirken tief in der Faser \\u2013 ohne R\\u00fcckst\\u00e4nde oder Farbver\\u00e4nderung.\"}}]}<\/script>\n\t\t\t\t\t\t\t<\/div>\n\t\t\t\t<\/div>\n\t\t\t\t\t<\/div>\n\t\t\t\t<\/div>\n\t\t<div class=\"elementor-element elementor-element-ee110d6 e-con-full e-flex e-con e-parent\" data-id=\"ee110d6\" data-element_type=\"container\" data-e-type=\"container\" data-settings=\"{&quot;background_background&quot;:&quot;classic&quot;}\">\n\t\t\t\t<\/div>\n\t\t<div class=\"elementor-element elementor-element-0dee2b0 e-flex e-con-boxed e-con e-parent\" data-id=\"0dee2b0\" data-element_type=\"container\" data-e-type=\"container\">\n\t\t\t\t\t<div class=\"e-con-inner\">\n\t\t<div class=\"elementor-element elementor-element-07e3909 e-con-full e-flex e-con e-child\" data-id=\"07e3909\" data-element_type=\"container\" data-e-type=\"container\">\n\t\t\t\t<div class=\"elementor-element elementor-element-5fe05bc elementor-widget elementor-widget-heading\" data-id=\"5fe05bc\" data-element_type=\"widget\" data-e-type=\"widget\" data-widget_type=\"heading.default\">\n\t\t\t\t\t<h2 class=\"elementor-heading-title elementor-size-default\">Bereit f\u00fcr makellose &amp; gesch\u00fctzte Textilien?<\/h2>\t\t\t\t<\/div>\n\t\t\t\t<\/div>\n\t\t<div class=\"elementor-element elementor-element-b352034 e-con-full e-flex e-con e-child\" data-id=\"b352034\" data-element_type=\"container\" data-e-type=\"container\">\n\t\t<div class=\"elementor-element elementor-element-955b7cc e-con-full e-flex e-con e-child\" data-id=\"955b7cc\" data-element_type=\"container\" data-e-type=\"container\">\n\t\t\t\t<div class=\"elementor-element elementor-element-4d3aa59 elementor-align-justify elementor-widget elementor-widget-button\" data-id=\"4d3aa59\" data-element_type=\"widget\" data-e-type=\"widget\" data-widget_type=\"button.default\">\n\t\t\t\t\t\t\t\t\t\t<a class=\"elementor-button elementor-button-link elementor-size-sm elementor-animation-float\" href=\"https:\/\/swiss-fleckenschutz.ch\/kontakt\/\">\n\t\t\t\t\t\t<span class=\"elementor-button-content-wrapper\">\n\t\t\t\t\t\t\t\t\t<span class=\"elementor-button-text\">Kostenloses Angebot anfordern<\/span>\n\t\t\t\t\t<\/span>\n\t\t\t\t\t<\/a>\n\t\t\t\t\t\t\t\t<\/div>\n\t\t\t\t<\/div>\n\t\t<div class=\"elementor-element elementor-element-b48f60d e-con-full e-flex e-con e-child\" data-id=\"b48f60d\" data-element_type=\"container\" data-e-type=\"container\">\n\t\t\t\t<div class=\"elementor-element elementor-element-038cacb elementor-align-justify elementor-widget elementor-widget-button\" data-id=\"038cacb\" data-element_type=\"widget\" data-e-type=\"widget\" data-widget_type=\"button.default\">\n\t\t\t\t\t\t\t\t\t\t<a class=\"elementor-button elementor-button-link elementor-size-sm elementor-animation-float\" href=\"tel:0041438444808\">\n\t\t\t\t\t\t<span class=\"elementor-button-content-wrapper\">\n\t\t\t\t\t\t<span class=\"elementor-button-icon\">\n\t\t\t\t<svg aria-hidden=\"true\" class=\"e-font-icon-svg e-fas-phone-alt\" viewBox=\"0 0 512 512\" xmlns=\"http:\/\/www.w3.org\/2000\/svg\"><path d=\"M497.39 361.8l-112-48a24 24 0 0 0-28 6.9l-49.6 60.6A370.66 370.66 0 0 1 130.6 204.11l60.6-49.6a23.94 23.94 0 0 0 6.9-28l-48-112A24.16 24.16 0 0 0 122.6.61l-104 24A24 24 0 0 0 0 48c0 256.5 207.9 464 464 464a24 24 0 0 0 23.4-18.6l24-104a24.29 24.29 0 0 0-14.01-27.6z\"><\/path><\/svg>\t\t\t<\/span>\n\t\t\t\t\t\t\t\t\t<span class=\"elementor-button-text\">Jetzt anrufen<\/span>\n\t\t\t\t\t<\/span>\n\t\t\t\t\t<\/a>\n\t\t\t\t\t\t\t\t<\/div>\n\t\t\t\t<\/div>\n\t\t\t\t<\/div>\n\t\t\t\t\t<\/div>\n\t\t\t\t<\/div>\n\t\t\t\t<\/div>\n\t\t","protected":false},"excerpt":{"rendered":"<p>Swiss Textil- und Lederschutz GmbH Professioneller Fleckenschutz &amp; Reinigungsservice in der Schweiz der Original TOP CARE Fleckenschutz Kostenloses Angebot Gallerie seit 30 Jahren auf dem Schweizer Markt 4 Punkte System Wir bieten Ihnen einen TOP-Service rund um Fleckenbek\u00e4mpfung. Hier erfahren Sie mehr \u00fcber unser 4-Punkte-System &#8230; Mehr Erfahren 3 Jahres Garantie Ab Auslieferung erhalten Sie [&hellip;]<\/p>\n","protected":false},"author":2,"featured_media":0,"parent":0,"menu_order":0,"comment_status":"closed","ping_status":"closed","template":"elementor_header_footer","meta":{"footnotes":""},"class_list":["post-6","page","type-page","status-publish","hentry"],"_links":{"self":[{"href":"https:\/\/swiss-fleckenschutz.ch\/fr\/wp-json\/wp\/v2\/pages\/6","targetHints":{"allow":["GET"]}}],"collection":[{"href":"https:\/\/swiss-fleckenschutz.ch\/fr\/wp-json\/wp\/v2\/pages"}],"about":[{"href":"https:\/\/swiss-fleckenschutz.ch\/fr\/wp-json\/wp\/v2\/types\/page"}],"author":[{"embeddable":true,"href":"https:\/\/swiss-fleckenschutz.ch\/fr\/wp-json\/wp\/v2\/users\/2"}],"replies":[{"embeddable":true,"href":"https:\/\/swiss-fleckenschutz.ch\/fr\/wp-json\/wp\/v2\/comments?post=6"}],"version-history":[{"count":152,"href":"https:\/\/swiss-fleckenschutz.ch\/fr\/wp-json\/wp\/v2\/pages\/6\/revisions"}],"predecessor-version":[{"id":1237,"href":"https:\/\/swiss-fleckenschutz.ch\/fr\/wp-json\/wp\/v2\/pages\/6\/revisions\/1237"}],"wp:attachment":[{"href":"https:\/\/swiss-fleckenschutz.ch\/fr\/wp-json\/wp\/v2\/media?parent=6"}],"curies":[{"name":"wp","href":"https:\/\/api.w.org\/{rel}","templated":true}]}}